{"id":2777,"date":"2023-04-13T15:37:20","date_gmt":"2023-04-13T16:37:20","guid":{"rendered":"https:\/\/quintadashortencias.com\/?page_id=2777"},"modified":"2024-10-28T18:58:30","modified_gmt":"2024-10-28T19:58:30","slug":"privacypolicy","status":"publish","type":"page","link":"https:\/\/quintadashortencias.com\/en\/privacypolicy\/","title":{"rendered":"POL\u00cdTICA DE PRIVACIDADE"},"content":{"rendered":"<div data-elementor-type=\"wp-page\" data-elementor-id=\"2777\" class=\"elementor elementor-2777\">\n\t\t\t\t\t\t\t\t\t<section class=\"elementor-section elementor-top-section elementor-element elementor-element-4409abd elementor-section-boxed elementor-section-height-default elementor-section-height-default\" data-id=\"4409abd\" data-element_type=\"section\" data-settings=\"{&quot;background_background&quot;:&quot;classic&quot;}\">\n\t\t\t\t\t\t<div class=\"elementor-container elementor-column-gap-default\">\n\t\t\t\t\t<div class=\"elementor-column elementor-col-100 elementor-top-column elementor-element elementor-element-753a042d\" data-id=\"753a042d\" data-element_type=\"column\">\n\t\t\t<div class=\"elementor-widget-wrap elementor-element-populated\">\n\t\t\t\t\t\t\t\t<div class=\"elementor-element elementor-element-6e480ba2 elementor-invisible elementor-widget elementor-widget-heading\" data-id=\"6e480ba2\" data-element_type=\"widget\" data-settings=\"{&quot;_animation&quot;:&quot;fadeInUp&quot;,&quot;_animation_mobile&quot;:&quot;fadeInLeft&quot;}\" data-widget_type=\"heading.default\">\n\t\t\t\t<div class=\"elementor-widget-container\">\n\t\t\t<style>\/*! elementor - v3.12.1 - 02-04-2023 *\/\n.elementor-heading-title{padding:0;margin:0;line-height:1}.elementor-widget-heading .elementor-heading-title[class*=elementor-size-]>a{color:inherit;font-size:inherit;line-height:inherit}.elementor-widget-heading .elementor-heading-title.elementor-size-small{font-size:15px}.elementor-widget-heading .elementor-heading-title.elementor-size-medium{font-size:19px}.elementor-widget-heading .elementor-heading-title.elementor-size-large{font-size:29px}.elementor-widget-heading .elementor-heading-title.elementor-size-xl{font-size:39px}.elementor-widget-heading .elementor-heading-title.elementor-size-xxl{font-size:59px}<\/style><h5 class=\"elementor-heading-title elementor-size-default\">Quinta das Hort\u00eancias<\/h5>\t\t<\/div>\n\t\t\t\t<\/div>\n\t\t\t\t<div class=\"elementor-element elementor-element-44baec91 elementor-invisible elementor-widget elementor-widget-heading\" data-id=\"44baec91\" data-element_type=\"widget\" data-settings=\"{&quot;_animation&quot;:&quot;fadeInUp&quot;,&quot;_animation_delay&quot;:200,&quot;_animation_mobile&quot;:&quot;fadeInLeft&quot;}\" data-widget_type=\"heading.default\">\n\t\t\t\t<div class=\"elementor-widget-container\">\n\t\t\t<h1 class=\"elementor-heading-title elementor-size-default\">Privacy Policy<\/h1>\t\t<\/div>\n\t\t\t\t<\/div>\n\t\t\t\t\t<\/div>\n\t\t<\/div>\n\t\t\t\t\t\t\t<\/div>\n\t\t<\/section>\n\t\t\t\t<section class=\"elementor-section elementor-top-section elementor-element elementor-element-35e97298 elementor-section-content-middle elementor-section-boxed elementor-section-height-default elementor-section-height-default\" data-id=\"35e97298\" data-element_type=\"section\">\n\t\t\t\t\t\t<div class=\"elementor-container elementor-column-gap-default\">\n\t\t\t\t\t<div class=\"elementor-column elementor-col-100 elementor-top-column elementor-element elementor-element-1245677d\" data-id=\"1245677d\" data-element_type=\"column\">\n\t\t\t<div class=\"elementor-widget-wrap elementor-element-populated\">\n\t\t\t\t\t\t\t\t<div class=\"elementor-element elementor-element-573f5091 elementor-invisible elementor-widget elementor-widget-text-editor\" data-id=\"573f5091\" data-element_type=\"widget\" data-settings=\"{&quot;_animation&quot;:&quot;fadeInUp&quot;}\" data-widget_type=\"text-editor.default\">\n\t\t\t\t<div class=\"elementor-widget-container\">\n\t\t\t<style>\/*! elementor - v3.12.1 - 02-04-2023 *\/\n.elementor-widget-text-editor.elementor-drop-cap-view-stacked .elementor-drop-cap{background-color:#69727d;color:#fff}.elementor-widget-text-editor.elementor-drop-cap-view-framed .elementor-drop-cap{color:#69727d;border:3px solid;background-color:transparent}.elementor-widget-text-editor:not(.elementor-drop-cap-view-default) .elementor-drop-cap{margin-top:8px}.elementor-widget-text-editor:not(.elementor-drop-cap-view-default) .elementor-drop-cap-letter{width:1em;height:1em}.elementor-widget-text-editor .elementor-drop-cap{float:left;text-align:center;line-height:1;font-size:50px}.elementor-widget-text-editor .elementor-drop-cap-letter{display:inline-block}<\/style>\t\t\t\t<p class=\" translation-block\">The access and use of the website<b> www.quintadashortencias.com<\/b> (hereinafter referred to as the website) attributes the status of user to its visitor.<br><br><\/p>\n<p class=\" translation-block\"><b>Quinta das Hort\u00eancias, by Carlos Alberto Sousa Furnas<\/b>, based in Canada do Ara\u00fajo n\u00ba8, S\u00e3o Vicente Ferreira, S\u00e3o Miguel, Azores, Portugal, with <b>NIF 151 297 592<\/b> , is responsible for the website and undertakes to guarantee the privacy of the personal data of its users.<br><br><\/p>\n<p>Please read the following text to understand and become aware of how the information you provide will be treated by Quinta das Hort\u00eancias.<\/p>\t\t\t\t\t\t<\/div>\n\t\t\t\t<\/div>\n\t\t\t\t<section class=\"elementor-section elementor-inner-section elementor-element elementor-element-0d17253 elementor-section-boxed elementor-section-height-default elementor-section-height-default\" data-id=\"0d17253\" data-element_type=\"section\">\n\t\t\t\t\t\t<div class=\"elementor-container elementor-column-gap-default\">\n\t\t\t\t\t<div class=\"elementor-column elementor-col-100 elementor-inner-column elementor-element elementor-element-2e37508\" data-id=\"2e37508\" data-element_type=\"column\">\n\t\t\t<div class=\"elementor-widget-wrap elementor-element-populated\">\n\t\t\t\t\t\t\t\t<div class=\"elementor-element elementor-element-28324e7a elementor-invisible elementor-widget elementor-widget-heading\" data-id=\"28324e7a\" data-element_type=\"widget\" data-settings=\"{&quot;_animation&quot;:&quot;fadeInUp&quot;}\" data-widget_type=\"heading.default\">\n\t\t\t\t<div class=\"elementor-widget-container\">\n\t\t\t<h2 class=\"elementor-heading-title elementor-size-default\">1 - DEFINITION<\/h2>\t\t<\/div>\n\t\t\t\t<\/div>\n\t\t\t\t<div class=\"elementor-element elementor-element-26f303d elementor-invisible elementor-widget elementor-widget-text-editor\" data-id=\"26f303d\" data-element_type=\"widget\" data-settings=\"{&quot;_animation&quot;:&quot;fadeInUp&quot;}\" data-widget_type=\"text-editor.default\">\n\t\t\t\t<div class=\"elementor-widget-container\">\n\t\t\t\t\t\t\t<p><strong>1.1<\/strong> Personal data should be understood as information of any nature and support, including sound and image, relating to an identified or identifiable natural person. An identifiable person is a person who can be identified, directly or indirectly, namely by reference to an identification number or to one or more specific elements of his physical, physiological, psychological, economic, cultural or social identity.<\/p>\t\t\t\t\t\t<\/div>\n\t\t\t\t<\/div>\n\t\t\t\t\t<\/div>\n\t\t<\/div>\n\t\t\t\t\t\t\t<\/div>\n\t\t<\/section>\n\t\t\t\t<section class=\"elementor-section elementor-inner-section elementor-element elementor-element-2ee55fb elementor-section-boxed elementor-section-height-default elementor-section-height-default\" data-id=\"2ee55fb\" data-element_type=\"section\">\n\t\t\t\t\t\t<div class=\"elementor-container elementor-column-gap-default\">\n\t\t\t\t\t<div class=\"elementor-column elementor-col-100 elementor-inner-column elementor-element elementor-element-477dbb2\" data-id=\"477dbb2\" data-element_type=\"column\">\n\t\t\t<div class=\"elementor-widget-wrap elementor-element-populated\">\n\t\t\t\t\t\t\t\t<div class=\"elementor-element elementor-element-6497fe1 elementor-invisible elementor-widget elementor-widget-heading\" data-id=\"6497fe1\" data-element_type=\"widget\" data-settings=\"{&quot;_animation&quot;:&quot;fadeInUp&quot;}\" data-widget_type=\"heading.default\">\n\t\t\t\t<div class=\"elementor-widget-container\">\n\t\t\t<h2 class=\"elementor-heading-title elementor-size-default\">2 - RESPONSIBLE FOR PROCESSING AND NATIONAL CONTROL AUTHORITY<\/h2>\t\t<\/div>\n\t\t\t\t<\/div>\n\t\t\t\t<div class=\"elementor-element elementor-element-866c4d4 elementor-invisible elementor-widget elementor-widget-text-editor\" data-id=\"866c4d4\" data-element_type=\"widget\" data-settings=\"{&quot;_animation&quot;:&quot;fadeInUp&quot;}\" data-widget_type=\"text-editor.default\">\n\t\t\t\t<div class=\"elementor-widget-container\">\n\t\t\t\t\t\t\t<p><strong>2.1<\/strong> Quinta das Hort\u00eancias is the entity responsible for collecting and processing Users' personal data, namely by the categories of data collected, how they are processed and the purposes for which they are used.<br \/><br \/><\/p><p><strong>2.2<\/strong> National supervisory authority | The national supervisory authority is the National Data Protection Commission (CNPD): Av. D. Carlos I, 134 \u2013 1.\u00ba 1200-651 Lisbon, email geral@cnpd.pt<\/p>\t\t\t\t\t\t<\/div>\n\t\t\t\t<\/div>\n\t\t\t\t\t<\/div>\n\t\t<\/div>\n\t\t\t\t\t\t\t<\/div>\n\t\t<\/section>\n\t\t\t\t<section class=\"elementor-section elementor-inner-section elementor-element elementor-element-006afdf elementor-section-boxed elementor-section-height-default elementor-section-height-default\" data-id=\"006afdf\" data-element_type=\"section\">\n\t\t\t\t\t\t<div class=\"elementor-container elementor-column-gap-default\">\n\t\t\t\t\t<div class=\"elementor-column elementor-col-100 elementor-inner-column elementor-element elementor-element-97127dd\" data-id=\"97127dd\" data-element_type=\"column\">\n\t\t\t<div class=\"elementor-widget-wrap elementor-element-populated\">\n\t\t\t\t\t\t\t\t<div class=\"elementor-element elementor-element-3fb3d95 elementor-invisible elementor-widget elementor-widget-heading\" data-id=\"3fb3d95\" data-element_type=\"widget\" data-settings=\"{&quot;_animation&quot;:&quot;fadeInUp&quot;}\" data-widget_type=\"heading.default\">\n\t\t\t\t<div class=\"elementor-widget-container\">\n\t\t\t<h2 class=\"elementor-heading-title elementor-size-default\">3 - PERSONAL DATA COLLECTED AND PURPOSES<\/h2>\t\t<\/div>\n\t\t\t\t<\/div>\n\t\t\t\t<div class=\"elementor-element elementor-element-bfa4ae2 elementor-invisible elementor-widget elementor-widget-text-editor\" data-id=\"bfa4ae2\" data-element_type=\"widget\" data-settings=\"{&quot;_animation&quot;:&quot;fadeInUp&quot;}\" data-widget_type=\"text-editor.default\">\n\t\t\t\t<div class=\"elementor-widget-container\">\n\t\t\t\t\t\t\t<p><b>3.1<\/b> Access to the website and navigation: when accessing the website, a set of computer data is automatically collected, which is temporarily recorded in specific files, and is also automatically deleted after a certain period. The collection of this data has purely technical purposes, such as connection configuration, system security, technical administration of the network and optimization of our website.<br \/><br \/><\/p><p class=\" translation-block\">The data we refer to are the following:<br><b> a)<\/b> IP address of the requesting processor;<br><b> b)<\/b> Date and time of access;<br><b> c)<\/b> Name and URL of the transferred file;<br><b> d)<\/b> Volume of data transmitted;<br><b> e)<\/b> Identification data of the software of the browser and operating system;<br><b> f)<\/b> Website from which you accessed our site;<br><b> g)<\/b> Name of internet service provider.<br><br><\/p><p><b>3.2 <\/b> During the visit to the website, Quinta das Hort\u00eancias\u00a0may collect personal data from the user (for example, by email, when filling out the contact form, or when filling out the booking request form).<br \/><br \/><\/p><p><b>3.3<\/b> To fill out the contact form, you are required to name, location, contact, e-mail. A dialog box is also available in which you can record more information that contains other personal data.<br \/><br \/><\/p><p><b>3.4<\/b> By using the Quinta das Hort\u00eancias website, you undertake to accept this Privacy Policy, as explained in this section of the website. If you do not accept the terms of this Privacy Policy, we ask you not to provide any personal data through this website to Quinta das Hort\u00eancias.<br \/><br \/><\/p><p><b>3.5<\/b> The User guarantees that the personal data provided to Quinta das Hort\u00eancias are true and is responsible for communicating any changes to them.<\/p>\t\t\t\t\t\t<\/div>\n\t\t\t\t<\/div>\n\t\t\t\t\t<\/div>\n\t\t<\/div>\n\t\t\t\t\t\t\t<\/div>\n\t\t<\/section>\n\t\t\t\t<section class=\"elementor-section elementor-inner-section elementor-element elementor-element-aaad2bc elementor-section-boxed elementor-section-height-default elementor-section-height-default\" data-id=\"aaad2bc\" data-element_type=\"section\">\n\t\t\t\t\t\t<div class=\"elementor-container elementor-column-gap-default\">\n\t\t\t\t\t<div class=\"elementor-column elementor-col-100 elementor-inner-column elementor-element elementor-element-ea8f40c\" data-id=\"ea8f40c\" data-element_type=\"column\">\n\t\t\t<div class=\"elementor-widget-wrap elementor-element-populated\">\n\t\t\t\t\t\t\t\t<div class=\"elementor-element elementor-element-635d0a4 elementor-invisible elementor-widget elementor-widget-heading\" data-id=\"635d0a4\" data-element_type=\"widget\" data-settings=\"{&quot;_animation&quot;:&quot;fadeInUp&quot;}\" data-widget_type=\"heading.default\">\n\t\t\t\t<div class=\"elementor-widget-container\">\n\t\t\t<h2 class=\"elementor-heading-title elementor-size-default\">4 \u2013 PERIOD OF CONSERVATION OF YOUR DATA<\/h2>\t\t<\/div>\n\t\t\t\t<\/div>\n\t\t\t\t<div class=\"elementor-element elementor-element-df9e58a elementor-invisible elementor-widget elementor-widget-text-editor\" data-id=\"df9e58a\" data-element_type=\"widget\" data-settings=\"{&quot;_animation&quot;:&quot;fadeInUp&quot;}\" data-widget_type=\"text-editor.default\">\n\t\t\t\t<div class=\"elementor-widget-container\">\n\t\t\t\t\t\t\t<p>The user's personal data will be kept for the period necessary to comply with legal obligations. In the absence of a specific legal requirement, the user's personal data will be stored and kept for a period of 5 years after the last change, update or user interaction with Quinta das Hort\u00eancias. After this period, they will be deleted.<\/p>\t\t\t\t\t\t<\/div>\n\t\t\t\t<\/div>\n\t\t\t\t\t<\/div>\n\t\t<\/div>\n\t\t\t\t\t\t\t<\/div>\n\t\t<\/section>\n\t\t\t\t<section class=\"elementor-section elementor-inner-section elementor-element elementor-element-54faf97 elementor-section-boxed elementor-section-height-default elementor-section-height-default\" data-id=\"54faf97\" data-element_type=\"section\">\n\t\t\t\t\t\t<div class=\"elementor-container elementor-column-gap-default\">\n\t\t\t\t\t<div class=\"elementor-column elementor-col-100 elementor-inner-column elementor-element elementor-element-4fde3e5\" data-id=\"4fde3e5\" data-element_type=\"column\">\n\t\t\t<div class=\"elementor-widget-wrap elementor-element-populated\">\n\t\t\t\t\t\t\t\t<div class=\"elementor-element elementor-element-2424067 elementor-invisible elementor-widget elementor-widget-heading\" data-id=\"2424067\" data-element_type=\"widget\" data-settings=\"{&quot;_animation&quot;:&quot;fadeInUp&quot;}\" data-widget_type=\"heading.default\">\n\t\t\t\t<div class=\"elementor-widget-container\">\n\t\t\t<h2 class=\"elementor-heading-title elementor-size-default\">5 \u2013 STORAGE OF YOUR PERSONAL DATA<\/h2>\t\t<\/div>\n\t\t\t\t<\/div>\n\t\t\t\t<div class=\"elementor-element elementor-element-2ded7c8 elementor-invisible elementor-widget elementor-widget-text-editor\" data-id=\"2ded7c8\" data-element_type=\"widget\" data-settings=\"{&quot;_animation&quot;:&quot;fadeInUp&quot;}\" data-widget_type=\"text-editor.default\">\n\t\t\t\t<div class=\"elementor-widget-container\">\n\t\t\t\t\t\t\tThe personal data collected and processed by Quinta das Hort\u00eancias are stored on servers with limited access, located in controlled facilities.\t\t\t\t\t\t<\/div>\n\t\t\t\t<\/div>\n\t\t\t\t\t<\/div>\n\t\t<\/div>\n\t\t\t\t\t\t\t<\/div>\n\t\t<\/section>\n\t\t\t\t<section class=\"elementor-section elementor-inner-section elementor-element elementor-element-46e6cbb elementor-section-boxed elementor-section-height-default elementor-section-height-default\" data-id=\"46e6cbb\" data-element_type=\"section\">\n\t\t\t\t\t\t<div class=\"elementor-container elementor-column-gap-default\">\n\t\t\t\t\t<div class=\"elementor-column elementor-col-100 elementor-inner-column elementor-element elementor-element-e697c62\" data-id=\"e697c62\" data-element_type=\"column\">\n\t\t\t<div class=\"elementor-widget-wrap elementor-element-populated\">\n\t\t\t\t\t\t\t\t<div class=\"elementor-element elementor-element-79480fb elementor-invisible elementor-widget elementor-widget-heading\" data-id=\"79480fb\" data-element_type=\"widget\" data-settings=\"{&quot;_animation&quot;:&quot;fadeInUp&quot;}\" data-widget_type=\"heading.default\">\n\t\t\t\t<div class=\"elementor-widget-container\">\n\t\t\t<h2 class=\"elementor-heading-title elementor-size-default\">6 - DATA TRANSFERS ABROAD<\/h2>\t\t<\/div>\n\t\t\t\t<\/div>\n\t\t\t\t<div class=\"elementor-element elementor-element-e45290f elementor-invisible elementor-widget elementor-widget-text-editor\" data-id=\"e45290f\" data-element_type=\"widget\" data-settings=\"{&quot;_animation&quot;:&quot;fadeInUp&quot;}\" data-widget_type=\"text-editor.default\">\n\t\t\t\t<div class=\"elementor-widget-container\">\n\t\t\t\t\t\t\t<p>The provision of certain services by Quinta das Hort\u00eancias may imply the transfer of your data outside Portugal. In such a case, Quinta das Hort\u00eancias will strictly comply with the applicable legal provisions, namely regarding the determination of the suitability of such Country with regard to the protection of personal data and the requirements applicable to such transfers.<\/p>\t\t\t\t\t\t<\/div>\n\t\t\t\t<\/div>\n\t\t\t\t\t<\/div>\n\t\t<\/div>\n\t\t\t\t\t\t\t<\/div>\n\t\t<\/section>\n\t\t\t\t<section class=\"elementor-section elementor-inner-section elementor-element elementor-element-d104be4 elementor-section-boxed elementor-section-height-default elementor-section-height-default\" data-id=\"d104be4\" data-element_type=\"section\">\n\t\t\t\t\t\t<div class=\"elementor-container elementor-column-gap-default\">\n\t\t\t\t\t<div class=\"elementor-column elementor-col-100 elementor-inner-column elementor-element elementor-element-df6b723\" data-id=\"df6b723\" data-element_type=\"column\">\n\t\t\t<div class=\"elementor-widget-wrap elementor-element-populated\">\n\t\t\t\t\t\t\t\t<div class=\"elementor-element elementor-element-72bf40f elementor-invisible elementor-widget elementor-widget-heading\" data-id=\"72bf40f\" data-element_type=\"widget\" data-settings=\"{&quot;_animation&quot;:&quot;fadeInUp&quot;}\" data-widget_type=\"heading.default\">\n\t\t\t\t<div class=\"elementor-widget-container\">\n\t\t\t<h2 class=\"elementor-heading-title elementor-size-default\">7 - DATA SECURITY AND CONFIDENTIALITY<\/h2>\t\t<\/div>\n\t\t\t\t<\/div>\n\t\t\t\t<div class=\"elementor-element elementor-element-ed0d1c8 elementor-invisible elementor-widget elementor-widget-text-editor\" data-id=\"ed0d1c8\" data-element_type=\"widget\" data-settings=\"{&quot;_animation&quot;:&quot;fadeInUp&quot;}\" data-widget_type=\"text-editor.default\">\n\t\t\t\t<div class=\"elementor-widget-container\">\n\t\t\t\t\t\t\tIt is the objective of Quinta das Hort\u00eancias to guarantee the quality and integrity of the information provided by the website users, having implemented the necessary measures, both at a technological and organizational level, in order to keep the information safe, namely, authentication \/ control systems access (login and password), use of firewall and intrusion detection systems, recording of actions taken by Quinta das Hort\u00eancias employees on personal data of customers or users (login);\t\t\t\t\t\t<\/div>\n\t\t\t\t<\/div>\n\t\t\t\t\t<\/div>\n\t\t<\/div>\n\t\t\t\t\t\t\t<\/div>\n\t\t<\/section>\n\t\t\t\t<section class=\"elementor-section elementor-inner-section elementor-element elementor-element-36f34d2 elementor-section-boxed elementor-section-height-default elementor-section-height-default\" data-id=\"36f34d2\" data-element_type=\"section\">\n\t\t\t\t\t\t<div class=\"elementor-container elementor-column-gap-default\">\n\t\t\t\t\t<div class=\"elementor-column elementor-col-100 elementor-inner-column elementor-element elementor-element-9f6f43c\" data-id=\"9f6f43c\" data-element_type=\"column\">\n\t\t\t<div class=\"elementor-widget-wrap elementor-element-populated\">\n\t\t\t\t\t\t\t\t<div class=\"elementor-element elementor-element-66e4439 elementor-invisible elementor-widget elementor-widget-heading\" data-id=\"66e4439\" data-element_type=\"widget\" data-settings=\"{&quot;_animation&quot;:&quot;fadeInUp&quot;}\" data-widget_type=\"heading.default\">\n\t\t\t\t<div class=\"elementor-widget-container\">\n\t\t\t<h2 class=\"elementor-heading-title elementor-size-default\">8 \u2013 COOKIES<\/h2>\t\t<\/div>\n\t\t\t\t<\/div>\n\t\t\t\t<div class=\"elementor-element elementor-element-6f50192 elementor-invisible elementor-widget elementor-widget-text-editor\" data-id=\"6f50192\" data-element_type=\"widget\" data-settings=\"{&quot;_animation&quot;:&quot;fadeInUp&quot;}\" data-widget_type=\"text-editor.default\">\n\t\t\t\t<div class=\"elementor-widget-container\">\n\t\t\t\t\t\t\tThis website uses cookies to improve its service. Some cookies are essential to guarantee the functionalities provided, while others are intended to improve performance and user experience. You should not continue to access our website after the warning about cookies, if you do not agree with their use. For more information about the cookies used by this website and how to manage and modify them, please consult our Cookie Policy.\t\t\t\t\t\t<\/div>\n\t\t\t\t<\/div>\n\t\t\t\t\t<\/div>\n\t\t<\/div>\n\t\t\t\t\t\t\t<\/div>\n\t\t<\/section>\n\t\t\t\t<section class=\"elementor-section elementor-inner-section elementor-element elementor-element-3203616 elementor-section-boxed elementor-section-height-default elementor-section-height-default\" data-id=\"3203616\" data-element_type=\"section\">\n\t\t\t\t\t\t<div class=\"elementor-container elementor-column-gap-default\">\n\t\t\t\t\t<div class=\"elementor-column elementor-col-100 elementor-inner-column elementor-element elementor-element-727f3d7\" data-id=\"727f3d7\" data-element_type=\"column\">\n\t\t\t<div class=\"elementor-widget-wrap elementor-element-populated\">\n\t\t\t\t\t\t\t\t<div class=\"elementor-element elementor-element-2ef42d5 elementor-invisible elementor-widget elementor-widget-heading\" data-id=\"2ef42d5\" data-element_type=\"widget\" data-settings=\"{&quot;_animation&quot;:&quot;fadeInUp&quot;}\" data-widget_type=\"heading.default\">\n\t\t\t\t<div class=\"elementor-widget-container\">\n\t\t\t<h2 class=\"elementor-heading-title elementor-size-default\">9 - RIGHTS OF THE DATA HOLDERS<\/h2>\t\t<\/div>\n\t\t\t\t<\/div>\n\t\t\t\t<div class=\"elementor-element elementor-element-d394911 elementor-invisible elementor-widget elementor-widget-text-editor\" data-id=\"d394911\" data-element_type=\"widget\" data-settings=\"{&quot;_animation&quot;:&quot;fadeInUp&quot;}\" data-widget_type=\"text-editor.default\">\n\t\t\t\t<div class=\"elementor-widget-container\">\n\t\t\t\t\t\t\t<p>In accordance with current legislation, the User has the right to access and rectify his Data, as well as the right to request its deletion, oppose its treatment and obtain its limitation or portability to the extent applicable. You can also object to your Data being used for the purpose of creating your customer profile; in this case, you will not be able to benefit from personalized offers or services. In addition, you may at any time request to stop receiving communications from us for marketing and advertising purposes.<br \/><br \/><\/p><p>These rights can be exercised by contacting Quinta das Hort\u00eancias directly.<\/p><p class=\" translation-block\"><b>By mail:<\/b> Canada do Ara\u00fajo n\u00ba8, S\u00e3o Vicente Ferreira, S\u00e3o Miguel, Azores, Portugal<br><b>By email:<\/b> quintahortencias@gmail.com<\/p>\t\t\t\t\t\t<\/div>\n\t\t\t\t<\/div>\n\t\t\t\t\t<\/div>\n\t\t<\/div>\n\t\t\t\t\t\t\t<\/div>\n\t\t<\/section>\n\t\t\t\t<section class=\"elementor-section elementor-inner-section elementor-element elementor-element-853c6ea elementor-section-boxed elementor-section-height-default elementor-section-height-default\" data-id=\"853c6ea\" data-element_type=\"section\">\n\t\t\t\t\t\t<div class=\"elementor-container elementor-column-gap-default\">\n\t\t\t\t\t<div class=\"elementor-column elementor-col-100 elementor-inner-column elementor-element elementor-element-b2fedd0\" data-id=\"b2fedd0\" data-element_type=\"column\">\n\t\t\t<div class=\"elementor-widget-wrap elementor-element-populated\">\n\t\t\t\t\t\t\t\t<div class=\"elementor-element elementor-element-81e1cb6 elementor-invisible elementor-widget elementor-widget-heading\" data-id=\"81e1cb6\" data-element_type=\"widget\" data-settings=\"{&quot;_animation&quot;:&quot;fadeInUp&quot;}\" data-widget_type=\"heading.default\">\n\t\t\t\t<div class=\"elementor-widget-container\">\n\t\t\t<h2 class=\"elementor-heading-title elementor-size-default\">10 \u2013 LINK TO SOCIAL MEDIA<\/h2>\t\t<\/div>\n\t\t\t\t<\/div>\n\t\t\t\t<div class=\"elementor-element elementor-element-b580d10 elementor-invisible elementor-widget elementor-widget-text-editor\" data-id=\"b580d10\" data-element_type=\"widget\" data-settings=\"{&quot;_animation&quot;:&quot;fadeInUp&quot;}\" data-widget_type=\"text-editor.default\">\n\t\t\t\t<div class=\"elementor-widget-container\">\n\t\t\t\t\t\t\t<p>We allow connection to social networks, but we are not responsible for their privacy and security policies. We recommend that you check them out.<br \/><br \/><\/p><p>These are links to social networks external to Quinta das Hort\u00eancias, subject to their own Privacy Policies. These networks may record information regarding user activities on the Internet, including on our website.<br \/><br \/><\/p><p>We recommend analyzing the conditions of use and privacy policies of these social networks, in order to know exactly how they use the personal data of users, as well as the procedure for eliminating or limiting the processing of such data.<\/p>\t\t\t\t\t\t<\/div>\n\t\t\t\t<\/div>\n\t\t\t\t\t<\/div>\n\t\t<\/div>\n\t\t\t\t\t\t\t<\/div>\n\t\t<\/section>\n\t\t\t\t<section class=\"elementor-section elementor-inner-section elementor-element elementor-element-c294184 elementor-section-boxed elementor-section-height-default elementor-section-height-default\" data-id=\"c294184\" data-element_type=\"section\">\n\t\t\t\t\t\t<div class=\"elementor-container elementor-column-gap-default\">\n\t\t\t\t\t<div class=\"elementor-column elementor-col-100 elementor-inner-column elementor-element elementor-element-7461670\" data-id=\"7461670\" data-element_type=\"column\">\n\t\t\t<div class=\"elementor-widget-wrap elementor-element-populated\">\n\t\t\t\t\t\t\t\t<div class=\"elementor-element elementor-element-8ce67c7 elementor-invisible elementor-widget elementor-widget-heading\" data-id=\"8ce67c7\" data-element_type=\"widget\" data-settings=\"{&quot;_animation&quot;:&quot;fadeInUp&quot;}\" data-widget_type=\"heading.default\">\n\t\t\t\t<div class=\"elementor-widget-container\">\n\t\t\t<h2 class=\"elementor-heading-title elementor-size-default\">11 - APPLICABLE LAW<\/h2>\t\t<\/div>\n\t\t\t\t<\/div>\n\t\t\t\t<div class=\"elementor-element elementor-element-624f4d3 elementor-invisible elementor-widget elementor-widget-text-editor\" data-id=\"624f4d3\" data-element_type=\"widget\" data-settings=\"{&quot;_animation&quot;:&quot;fadeInUp&quot;}\" data-widget_type=\"text-editor.default\">\n\t\t\t\t<div class=\"elementor-widget-container\">\n\t\t\t\t\t\t\tIn case of controversy or claim of any nature related to this website, Portuguese law will apply, regardless of any conflict of applicable laws. Without prejudice to filing a complaint with the identified national control authority 2.2, the parties agree that all legal actions or proceedings arising out of or related to this Privacy Policy will be the responsibility of the Portuguese courts and agree to submit any dispute relating to this matter to the jurisdiction of the Judicial Court of the District of Ponta Delgada.\t\t\t\t\t\t<\/div>\n\t\t\t\t<\/div>\n\t\t\t\t\t<\/div>\n\t\t<\/div>\n\t\t\t\t\t\t\t<\/div>\n\t\t<\/section>\n\t\t\t\t<section class=\"elementor-section elementor-inner-section elementor-element elementor-element-032b058 elementor-section-boxed elementor-section-height-default elementor-section-height-default\" data-id=\"032b058\" data-element_type=\"section\">\n\t\t\t\t\t\t<div class=\"elementor-container elementor-column-gap-default\">\n\t\t\t\t\t<div class=\"elementor-column elementor-col-100 elementor-inner-column elementor-element elementor-element-27d57d1\" data-id=\"27d57d1\" data-element_type=\"column\">\n\t\t\t<div class=\"elementor-widget-wrap elementor-element-populated\">\n\t\t\t\t\t\t\t\t<div class=\"elementor-element elementor-element-a0cc4f0 elementor-invisible elementor-widget elementor-widget-heading\" data-id=\"a0cc4f0\" data-element_type=\"widget\" data-settings=\"{&quot;_animation&quot;:&quot;fadeInUp&quot;}\" data-widget_type=\"heading.default\">\n\t\t\t\t<div class=\"elementor-widget-container\">\n\t\t\t<h2 class=\"elementor-heading-title elementor-size-default\">12 - UPDATES TO THIS PRIVACY POLICY<\/h2>\t\t<\/div>\n\t\t\t\t<\/div>\n\t\t\t\t<div class=\"elementor-element elementor-element-08d65b1 elementor-invisible elementor-widget elementor-widget-text-editor\" data-id=\"08d65b1\" data-element_type=\"widget\" data-settings=\"{&quot;_animation&quot;:&quot;fadeInUp&quot;}\" data-widget_type=\"text-editor.default\">\n\t\t\t\t<div class=\"elementor-widget-container\">\n\t\t\t\t\t\t\tThis Privacy Policy is subject to change. The indication of the date of the last update to this document appears in the caption \u201cUpdated on\u201d, at the bottom of this document. Changes to this Privacy Policy will take effect upon publication on the website.\t\t\t\t\t\t<\/div>\n\t\t\t\t<\/div>\n\t\t\t\t\t<\/div>\n\t\t<\/div>\n\t\t\t\t\t\t\t<\/div>\n\t\t<\/section>\n\t\t\t\t<div class=\"elementor-element elementor-element-37076d6 elementor-invisible elementor-widget elementor-widget-text-editor\" data-id=\"37076d6\" data-element_type=\"widget\" data-settings=\"{&quot;_animation&quot;:&quot;fadeInUp&quot;}\" data-widget_type=\"text-editor.default\">\n\t\t\t\t<div class=\"elementor-widget-container\">\n\t\t\t\t\t\t\t<p class=\" translation-block\">This notification was last updated on <strong>06 March 2023<\/strong><\/p>\t\t\t\t\t\t<\/div>\n\t\t\t\t<\/div>\n\t\t\t\t\t<\/div>\n\t\t<\/div>\n\t\t\t\t\t\t\t<\/div>\n\t\t<\/section>\n\t\t\t\t\t\t\t<\/div>","protected":false},"excerpt":{"rendered":"<p>Quinta das Hort\u00eancias Pol\u00edtica de Privacidade O acesso e uso do website www.quintadashortencias.com (adiante designado de website) atribui a condi\u00e7\u00e3o de utilizador ao visitante do mesmo. A Quinta das Hort\u00eancias, de Carlos Alberto Sousa Furnas, com sede na Canada do Ara\u00fajo n\u00ba8, S\u00e3o Vicente Ferreira, S\u00e3o Miguel, A\u00e7ores, Portugal, com o NIF 151 297 592, [&hellip;]<\/p>","protected":false},"author":1,"featured_media":2039,"parent":0,"menu_order":9,"comment_status":"closed","ping_status":"closed","template":"","meta":{"footnotes":""},"class_list":["post-2777","page","type-page","status-publish","has-post-thumbnail","hentry"],"yoast_head":"<!-- This site is optimized with the Yoast SEO plugin v20.4 - https:\/\/yoast.com\/wordpress\/plugins\/seo\/ -->\n<title>POL\u00cdTICA DE PRIVACIDADE - QUINTA DAS HORT\u00caNCIAS | S\u00e3o Miguel - Azores<\/title>\n<meta name=\"robots\" content=\"index, follow, max-snippet:-1, max-video-preview:-1, noimageindex\" \/>\n<link rel=\"canonical\" href=\"https:\/\/quintadashortencias.com\/en\/privacypolicy\/\" \/>\n<meta property=\"og:locale\" content=\"en_GB\" \/>\n<meta property=\"og:type\" content=\"article\" \/>\n<meta property=\"og:title\" content=\"POL\u00cdTICA DE PRIVACIDADE - QUINTA DAS HORT\u00caNCIAS | S\u00e3o Miguel - Azores\" \/>\n<meta property=\"og:description\" content=\"Quinta das Hort\u00eancias Pol\u00edtica de Privacidade O acesso e uso do website www.quintadashortencias.com (adiante designado de website) atribui a condi\u00e7\u00e3o de utilizador ao visitante do mesmo. A Quinta das Hort\u00eancias, de Carlos Alberto Sousa Furnas, com sede na Canada do Ara\u00fajo n\u00ba8, S\u00e3o Vicente Ferreira, S\u00e3o Miguel, A\u00e7ores, Portugal, com o NIF 151 297 592, [&hellip;]\" \/>\n<meta property=\"og:url\" content=\"https:\/\/quintadashortencias.com\/en\/privacypolicy\/\" \/>\n<meta property=\"og:site_name\" content=\"QUINTA DAS HORT\u00caNCIAS | S\u00e3o Miguel - Azores\" \/>\n<meta property=\"article:modified_time\" content=\"2024-10-28T19:58:30+00:00\" \/>\n<meta property=\"og:image\" content=\"https:\/\/quintadashortencias.com\/wp-content\/uploads\/2023\/02\/A6509460-Copy.jpg\" \/>\n\t<meta property=\"og:image:width\" content=\"1920\" \/>\n\t<meta property=\"og:image:height\" content=\"1280\" \/>\n\t<meta property=\"og:image:type\" content=\"image\/jpeg\" \/>\n<meta name=\"twitter:card\" content=\"summary_large_image\" \/>\n<meta name=\"twitter:title\" content=\"POL\u00cdTICA DE PRIVACIDADE - QUINTA DAS HORT\u00caNCIAS | S\u00e3o Miguel - Azores\" \/>\n<meta name=\"twitter:image\" content=\"https:\/\/quintadashortencias.com\/wp-content\/uploads\/2023\/02\/A6509460-Copy.jpg\" \/>\n<meta name=\"twitter:label1\" content=\"Estimated reading time\" \/>\n\t<meta name=\"twitter:data1\" content=\"7 minutes\" \/>\n<script type=\"application\/ld+json\" class=\"yoast-schema-graph\">{\"@context\":\"https:\/\/schema.org\",\"@graph\":[{\"@type\":\"WebPage\",\"@id\":\"https:\/\/quintadashortencias.com\/privacypolicy\/\",\"url\":\"https:\/\/quintadashortencias.com\/privacypolicy\/\",\"name\":\"POL\u00cdTICA DE PRIVACIDADE - QUINTA DAS HORT\u00caNCIAS | S\u00e3o Miguel - Azores\",\"isPartOf\":{\"@id\":\"https:\/\/quintadashortencias.com\/#website\"},\"datePublished\":\"2023-04-13T16:37:20+00:00\",\"dateModified\":\"2024-10-28T19:58:30+00:00\",\"breadcrumb\":{\"@id\":\"https:\/\/quintadashortencias.com\/privacypolicy\/#breadcrumb\"},\"inLanguage\":\"en-GB\",\"potentialAction\":[{\"@type\":\"ReadAction\",\"target\":[\"https:\/\/quintadashortencias.com\/privacypolicy\/\"]}]},{\"@type\":\"BreadcrumbList\",\"@id\":\"https:\/\/quintadashortencias.com\/privacypolicy\/#breadcrumb\",\"itemListElement\":[{\"@type\":\"ListItem\",\"position\":1,\"name\":\"Home\",\"item\":\"https:\/\/quintadashortencias.com\/\"},{\"@type\":\"ListItem\",\"position\":2,\"name\":\"POL\u00cdTICA DE PRIVACIDADE\"}]},{\"@type\":\"WebSite\",\"@id\":\"https:\/\/quintadashortencias.com\/#website\",\"url\":\"https:\/\/quintadashortencias.com\/\",\"name\":\"QUINTA DAS HORT\u00caNCIAS | S\u00e3o Miguel - Azores\",\"description\":\"O Alojamento Quinta das Hort\u00eancias situa-se em S\u00e3o Vicente Ferreira, na ilha de S\u00e3o Miguel nos A\u00e7ores, no meio do Oceano Atl\u00e2ntico.\",\"publisher\":{\"@id\":\"https:\/\/quintadashortencias.com\/#organization\"},\"potentialAction\":[{\"@type\":\"SearchAction\",\"target\":{\"@type\":\"EntryPoint\",\"urlTemplate\":\"https:\/\/quintadashortencias.com\/?s={search_term_string}\"},\"query-input\":\"required name=search_term_string\"}],\"inLanguage\":\"en-GB\"},{\"@type\":\"Organization\",\"@id\":\"https:\/\/quintadashortencias.com\/#organization\",\"name\":\"QUINTA DAS HORT\u00caNCIAS | S\u00e3o Miguel - Azores\",\"url\":\"https:\/\/quintadashortencias.com\/\",\"logo\":{\"@type\":\"ImageObject\",\"inLanguage\":\"en-GB\",\"@id\":\"https:\/\/quintadashortencias.com\/#\/schema\/logo\/image\/\",\"url\":\"https:\/\/quintadashortencias.com\/wp-content\/uploads\/2022\/12\/logo1.png\",\"contentUrl\":\"https:\/\/quintadashortencias.com\/wp-content\/uploads\/2022\/12\/logo1.png\",\"width\":350,\"height\":82,\"caption\":\"QUINTA DAS HORT\u00caNCIAS | S\u00e3o Miguel - Azores\"},\"image\":{\"@id\":\"https:\/\/quintadashortencias.com\/#\/schema\/logo\/image\/\"}}]}<\/script>\n<!-- \/ Yoast SEO plugin. -->","yoast_head_json":{"title":"POL\u00cdTICA DE PRIVACIDADE - QUINTA DAS HORT\u00caNCIAS | S\u00e3o Miguel - Azores","robots":{"index":"index","follow":"follow","max-snippet":"max-snippet:-1","max-video-preview":"max-video-preview:-1","imageindex":"noimageindex"},"canonical":"https:\/\/quintadashortencias.com\/en\/privacypolicy\/","og_locale":"en_GB","og_type":"article","og_title":"POL\u00cdTICA DE PRIVACIDADE - QUINTA DAS HORT\u00caNCIAS | S\u00e3o Miguel - Azores","og_description":"Quinta das Hort\u00eancias Pol\u00edtica de Privacidade O acesso e uso do website www.quintadashortencias.com (adiante designado de website) atribui a condi\u00e7\u00e3o de utilizador ao visitante do mesmo. A Quinta das Hort\u00eancias, de Carlos Alberto Sousa Furnas, com sede na Canada do Ara\u00fajo n\u00ba8, S\u00e3o Vicente Ferreira, S\u00e3o Miguel, A\u00e7ores, Portugal, com o NIF 151 297 592, [&hellip;]","og_url":"https:\/\/quintadashortencias.com\/en\/privacypolicy\/","og_site_name":"QUINTA DAS HORT\u00caNCIAS | S\u00e3o Miguel - Azores","article_modified_time":"2024-10-28T19:58:30+00:00","og_image":[{"width":1920,"height":1280,"url":"https:\/\/quintadashortencias.com\/wp-content\/uploads\/2023\/02\/A6509460-Copy.jpg","type":"image\/jpeg"}],"twitter_card":"summary_large_image","twitter_title":"POL\u00cdTICA DE PRIVACIDADE - QUINTA DAS HORT\u00caNCIAS | S\u00e3o Miguel - Azores","twitter_image":"https:\/\/quintadashortencias.com\/wp-content\/uploads\/2023\/02\/A6509460-Copy.jpg","twitter_misc":{"Estimated reading time":"7 minutes"},"schema":{"@context":"https:\/\/schema.org","@graph":[{"@type":"WebPage","@id":"https:\/\/quintadashortencias.com\/privacypolicy\/","url":"https:\/\/quintadashortencias.com\/privacypolicy\/","name":"POL\u00cdTICA DE PRIVACIDADE - QUINTA DAS HORT\u00caNCIAS | S\u00e3o Miguel - Azores","isPartOf":{"@id":"https:\/\/quintadashortencias.com\/#website"},"datePublished":"2023-04-13T16:37:20+00:00","dateModified":"2024-10-28T19:58:30+00:00","breadcrumb":{"@id":"https:\/\/quintadashortencias.com\/privacypolicy\/#breadcrumb"},"inLanguage":"en-GB","potentialAction":[{"@type":"ReadAction","target":["https:\/\/quintadashortencias.com\/privacypolicy\/"]}]},{"@type":"BreadcrumbList","@id":"https:\/\/quintadashortencias.com\/privacypolicy\/#breadcrumb","itemListElement":[{"@type":"ListItem","position":1,"name":"Home","item":"https:\/\/quintadashortencias.com\/"},{"@type":"ListItem","position":2,"name":"POL\u00cdTICA DE PRIVACIDADE"}]},{"@type":"WebSite","@id":"https:\/\/quintadashortencias.com\/#website","url":"https:\/\/quintadashortencias.com\/","name":"QUINTA DAS HORT\u00caNCIAS | S\u00e3o Miguel - Azores","description":"O Alojamento Quinta das Hort\u00eancias situa-se em S\u00e3o Vicente Ferreira, na ilha de S\u00e3o Miguel nos A\u00e7ores, no meio do Oceano Atl\u00e2ntico.","publisher":{"@id":"https:\/\/quintadashortencias.com\/#organization"},"potentialAction":[{"@type":"SearchAction","target":{"@type":"EntryPoint","urlTemplate":"https:\/\/quintadashortencias.com\/?s={search_term_string}"},"query-input":"required name=search_term_string"}],"inLanguage":"en-GB"},{"@type":"Organization","@id":"https:\/\/quintadashortencias.com\/#organization","name":"QUINTA DAS HORT\u00caNCIAS | S\u00e3o Miguel - Azores","url":"https:\/\/quintadashortencias.com\/","logo":{"@type":"ImageObject","inLanguage":"en-GB","@id":"https:\/\/quintadashortencias.com\/#\/schema\/logo\/image\/","url":"https:\/\/quintadashortencias.com\/wp-content\/uploads\/2022\/12\/logo1.png","contentUrl":"https:\/\/quintadashortencias.com\/wp-content\/uploads\/2022\/12\/logo1.png","width":350,"height":82,"caption":"QUINTA DAS HORT\u00caNCIAS | S\u00e3o Miguel - Azores"},"image":{"@id":"https:\/\/quintadashortencias.com\/#\/schema\/logo\/image\/"}}]}},"_links":{"self":[{"href":"https:\/\/quintadashortencias.com\/en\/wp-json\/wp\/v2\/pages\/2777","targetHints":{"allow":["GET"]}}],"collection":[{"href":"https:\/\/quintadashortencias.com\/en\/wp-json\/wp\/v2\/pages"}],"about":[{"href":"https:\/\/quintadashortencias.com\/en\/wp-json\/wp\/v2\/types\/page"}],"author":[{"embeddable":true,"href":"https:\/\/quintadashortencias.com\/en\/wp-json\/wp\/v2\/users\/1"}],"replies":[{"embeddable":true,"href":"https:\/\/quintadashortencias.com\/en\/wp-json\/wp\/v2\/comments?post=2777"}],"version-history":[{"count":3,"href":"https:\/\/quintadashortencias.com\/en\/wp-json\/wp\/v2\/pages\/2777\/revisions"}],"predecessor-version":[{"id":3123,"href":"https:\/\/quintadashortencias.com\/en\/wp-json\/wp\/v2\/pages\/2777\/revisions\/3123"}],"wp:featuredmedia":[{"embeddable":true,"href":"https:\/\/quintadashortencias.com\/en\/wp-json\/wp\/v2\/media\/2039"}],"wp:attachment":[{"href":"https:\/\/quintadashortencias.com\/en\/wp-json\/wp\/v2\/media?parent=2777"}],"curies":[{"name":"wp","href":"https:\/\/api.w.org\/{rel}","templated":true}]}}